{"id":6303,"date":"2016-02-11T16:01:39","date_gmt":"2016-02-11T16:01:39","guid":{"rendered":"http:\/\/integrateminds.com\/sv\/?page_id=6303"},"modified":"2021-10-31T09:44:03","modified_gmt":"2021-10-31T09:44:03","slug":"home","status":"publish","type":"page","link":"http:\/\/integrateminds.com\/sv\/","title":{"rendered":"Ledarskapsutveckling Coaching"},"content":{"rendered":"<\/div><\/div><\/div><!-- close content main div --><\/div><\/div><div id='full_slider_1' class='avia-fullwidth-slider main_color avia-shadow  avia-full-stretch container_wrap fullsize' style = 'background-repeat: no-repeat; background-image: url(http:\/\/integrateminds.com\/wp-content\/uploads\/2016\/01\/slider2-1.jpg); background-attachment: scroll; background-position: center center; '  ><div  data-size='no scaling'  data-lightbox_size='large'  data-animation='slide'  data-ids='6116,6116,6116,6116,6116,6116,6116,6118,6118'  data-video_counter='0'  data-autoplay='true'  data-bg_slider='false'  data-slide_height=''  data-handle='av_slideshow_full'  data-interval='15'  data-class=' image_no_stretch'  data-css_id=''  data-scroll_down=''  data-control_layout='av-control-minimal'  data-custom_markup=''  data-perma_caption=''  data-autoplay_stopper=''  data-src='http:\/\/integrateminds.com\/wp-content\/uploads\/2016\/01\/slider2-1.jpg'  data-position='center center'  data-repeat='stretch'  data-attach='scroll'  data-stretch='image_no_stretch'  class='avia-slideshow avia-slideshow-1  av-control-minimal avia-slideshow-no scaling av_slideshow_full  image_no_stretch avia-slide-slider '  itemscope=\"itemscope\" itemtype=\"https:\/\/schema.org\/ImageObject\" ><ul class='avia-slideshow-inner' ><li  class=' slide-1 ' ><div data-rel='slideshow-1' class='avia-slide-wrap'  ><div class = \"caption_fullwidth av-slideshow-caption caption_center\"><div class = \"container caption_container\"><div class = \"slideshow_caption\"><div class = \"slideshow_inner_caption\"><div class = \"slideshow_align_caption\"><h2  class='avia-caption-title'  itemprop=\"name\" >Rachael Barber, Director of Global Community Investment, Barclays Bank<\/h2><div class='avia-caption-content '  itemprop=\"description\"  ><p>&#8221;This offsite was a really great opportunity to focus on achieving top performance as a team. We came away with a manageable set of actions and personal commitments that I feel motivated to follow through on and ensure are delivered.&#8221;<\/p>\n<\/div><\/div><\/div><\/div><\/div><\/div><img src='http:\/\/integrateminds.com\/wp-content\/uploads\/2016\/01\/1-2.png' width='1366' height='450' title='1' alt=''  itemprop=\"contentURL\"  \/><\/div><\/li><li  class=' slide-2 ' ><div data-rel='slideshow-1' class='avia-slide-wrap'  ><div class = \"caption_fullwidth av-slideshow-caption caption_center\"><div class = \"container caption_container\"><div class = \"slideshow_caption\"><div class = \"slideshow_inner_caption\"><div class = \"slideshow_align_caption\"><h2  class='avia-caption-title'  itemprop=\"name\" >Jane Davison, Head of Resourcing, Barclays Bank<\/h2><div class='avia-caption-content '  itemprop=\"description\"  ><p>&#8221;The exercise on how different people think really opened my eyes about some challenging work relationships. The course was informative, helpful and relevant. It raises awareness of different personality styles and increased my own self-awareness.&#8221;<\/p>\n<\/div><\/div><\/div><\/div><\/div><\/div><img src='http:\/\/integrateminds.com\/wp-content\/uploads\/2016\/01\/1-2.png' width='1366' height='450' title='1' alt=''  itemprop=\"contentURL\"  \/><\/div><\/li><li  class=' slide-3 ' ><div data-rel='slideshow-1' class='avia-slide-wrap'  ><div class = \"caption_fullwidth av-slideshow-caption caption_center\"><div class = \"container caption_container\"><div class = \"slideshow_caption\"><div class = \"slideshow_inner_caption\"><div class = \"slideshow_align_caption\"><h2  class='avia-caption-title'  itemprop=\"name\" >Raj Panasar, Partner, Cleary Gottlieb Steen &amp; Hamilton<\/h2><div class='avia-caption-content '  itemprop=\"description\"  ><p>\u201cI valued Katinka\u2019s input tremendously. She has a canny knack of translating behaviour into productivity, which I found very powerful. Fundamentally, Katinka cared about the objectives and the process, and when someone is working with you who cares as much as she does, it has a significantly positive impact on the programme. She successfully raised self-awareness levels among partners and associates without any trace of judgement. I highly recommend her&#8221;<\/p>\n<\/div><\/div><\/div><\/div><\/div><\/div><img src='http:\/\/integrateminds.com\/wp-content\/uploads\/2016\/01\/1-2.png' width='1366' height='450' title='1' alt=''  itemprop=\"contentURL\"  \/><\/div><\/li><li  class=' slide-4 ' ><div data-rel='slideshow-1' class='avia-slide-wrap'  ><div class = \"caption_fullwidth av-slideshow-caption caption_center\"><div class = \"container caption_container\"><div class = \"slideshow_caption\"><div class = \"slideshow_inner_caption\"><div class = \"slideshow_align_caption\"><h2  class='avia-caption-title'  itemprop=\"name\" >Peder Anderlind, Head of Investment Banking Training and Development, Credit Suisse<\/h2><div class='avia-caption-content '  itemprop=\"description\"  ><p>\u201cI was very impressed with the way Katinka translated her organizational effectiveness experience into commercial, relevant and practical solutions for us. She showed great judgment when interacting across all levels of the firm and was able to build solid relationships over a relatively short time frame. I very much look forward to working with Katinka again\u201d<\/p>\n<\/div><\/div><\/div><\/div><\/div><\/div><img src='http:\/\/integrateminds.com\/wp-content\/uploads\/2016\/01\/1-2.png' width='1366' height='450' title='1' alt=''  itemprop=\"contentURL\"  \/><\/div><\/li><li  class=' slide-5 ' ><div data-rel='slideshow-1' class='avia-slide-wrap'  ><div class = \"caption_fullwidth av-slideshow-caption caption_center\"><div class = \"container caption_container\"><div class = \"slideshow_caption\"><div class = \"slideshow_inner_caption\"><div class = \"slideshow_align_caption\"><h2  class='avia-caption-title'  itemprop=\"name\" >Nick Smith, Managing Director, Management Consulting, Accenture<\/h2><div class='avia-caption-content '  itemprop=\"description\"  ><p>\u201cI have experienced a range of executive coaches and Katinka brings a unique approach and perspective to the discipline. More than just demonstrating her empathy and commercial experience, we were able to properly assess what mattered to me, how to respond to the choices presented and how to create outcomes with greater certainty which benefitted both my organisation and me. The experience was enlightening and I have carried both the learning\u2019s and some of the techniques forward with me\u201d<\/p>\n<\/div><\/div><\/div><\/div><\/div><\/div><img src='http:\/\/integrateminds.com\/wp-content\/uploads\/2016\/01\/1-2.png' width='1366' height='450' title='1' alt=''  itemprop=\"contentURL\"  \/><\/div><\/li><li  class=' slide-6 ' ><div data-rel='slideshow-1' class='avia-slide-wrap'  ><div class = \"caption_fullwidth av-slideshow-caption caption_center\"><div class = \"container caption_container\"><div class = \"slideshow_caption\"><div class = \"slideshow_inner_caption\"><div class = \"slideshow_align_caption\"><h2  class='avia-caption-title'  itemprop=\"name\" >Stuart Martin, Partner, Dechert LLP<\/h2><div class='avia-caption-content '  itemprop=\"description\"  ><p>&#8221;Thank you for the workshop. I thought it was terrific in terms of content, interest, relevance and presentation \u2013 well done!&#8221;<\/p>\n<\/div><\/div><\/div><\/div><\/div><\/div><img src='http:\/\/integrateminds.com\/wp-content\/uploads\/2016\/01\/1-2.png' width='1366' height='450' title='1' alt=''  itemprop=\"contentURL\"  \/><\/div><\/li><li  class=' slide-7 ' ><div data-rel='slideshow-1' class='avia-slide-wrap'  ><div class = \"caption_fullwidth av-slideshow-caption caption_center\"><div class = \"container caption_container\"><div class = \"slideshow_caption\"><div class = \"slideshow_inner_caption\"><div class = \"slideshow_align_caption\"><h2  class='avia-caption-title'  itemprop=\"name\" >Mikael St\u00e5hl, Partner, Vinge<\/h2><div class='avia-caption-content '  itemprop=\"description\"  ><p>&#8221;This was better than similar seminars. Katinka understood our business and the relationship with our clients well. I found the group discussions valuable, which Katinka led as an excellent moderator&#8221;<\/p>\n<\/div><\/div><\/div><\/div><\/div><\/div><img src='http:\/\/integrateminds.com\/wp-content\/uploads\/2016\/01\/1-2.png' width='1366' height='450' title='1' alt=''  itemprop=\"contentURL\"  \/><\/div><\/li><li  class=' slide-8 ' ><div data-rel='slideshow-1' class='avia-slide-wrap'  ><div class = \"caption_fullwidth av-slideshow-caption caption_center\"><div class = \"container caption_container\"><div class = \"slideshow_caption\"><div class = \"slideshow_inner_caption\"><div class = \"slideshow_align_caption\"><h2  class='avia-caption-title'  itemprop=\"name\" >Catherine Ablott, Global Head of Market Data Services, Deutsche Bank<\/h2><div class='avia-caption-content '  itemprop=\"description\"  ><p>&#8221;I enjoyed working with Katinka on several people development initiatives. We worked together on a Talent Survey for the group at the time and setting up Employee and Manager forums to give staff the opportunity to voice their opinions on what could be done to improve people development. These sessions were lively and engaging and produced a great deal of useful information that was then used by management to develop our people development strategy.\u201d<\/p>\n<\/div><\/div><\/div><\/div><\/div><\/div><img src='http:\/\/integrateminds.com\/wp-content\/uploads\/2016\/01\/1-3.png' width='1366' height='450' title='1' alt=''  itemprop=\"contentURL\"  \/><\/div><\/li><li  class=' slide-9 ' ><div data-rel='slideshow-1' class='avia-slide-wrap'  ><div class = \"caption_fullwidth av-slideshow-caption caption_center\"><div class = \"container caption_container\"><div class = \"slideshow_caption\"><div class = \"slideshow_inner_caption\"><div class = \"slideshow_align_caption\"><h2  class='avia-caption-title'  itemprop=\"name\" >Hannah Gr\u00f6ndahl, Attorney, BBRT Partners<\/h2><div class='avia-caption-content '  itemprop=\"description\"  ><p>&#8221;What impressed me the most was that Katinka had really done her homework on our industry &#8211; who we are, who are competition is, and who are clients are. So her advice and helpful suggestions were actually very relevant &#8211; and had the extra bonus of sometimes being just &#8221;different&#8221; enough to get us conservative lawyers to consider another perspective, to debate and to analyse ideas that have worked well in other analogous industries. Katinka is also very good at taking what people say and re-positioning it it such a way that it drive the discussion and debate forward. I think all of us came away re-charged and inspired.&#8221;<\/p>\n<\/div><\/div><\/div><\/div><\/div><\/div><img src='http:\/\/integrateminds.com\/wp-content\/uploads\/2016\/01\/1-3.png' width='1366' height='450' title='1' alt=''  itemprop=\"contentURL\"  \/><\/div><\/li><\/ul><div class='avia-slideshow-arrows avia-slideshow-controls'><a href='#prev' class='prev-slide' aria-hidden='true' data-av_icon='\ue87c' data-av_iconfont='entypo-fontello'>F\u00f6reg\u00e5ende<\/a><a href='#next' class='next-slide' aria-hidden='true' data-av_icon='\ue87d' data-av_iconfont='entypo-fontello'>N\u00e4sta<\/a><\/div><div class='avia-slideshow-dots avia-slideshow-controls'><a href='#1' class='goto-slide active' >1<\/a><a href='#2' class='goto-slide ' >2<\/a><a href='#3' class='goto-slide ' >3<\/a><a href='#4' class='goto-slide ' >4<\/a><a href='#5' class='goto-slide ' >5<\/a><a href='#6' class='goto-slide ' >6<\/a><a href='#7' class='goto-slide ' >7<\/a><a href='#8' class='goto-slide ' >8<\/a><a href='#9' class='goto-slide ' >9<\/a><\/div><\/div><\/div>\n<\/div><\/div><\/div><!-- close content main div --><\/div><\/div><div id='av_section_1' class='avia-section main_color avia-section-default avia-no-shadow avia-bg-style-scroll  container_wrap fullsize'   ><div class='container' ><div class='template-page content  av-content-full alpha units'><div class='post-entry post-entry-type-page post-entry-6303'><div class='entry-content-wrapper clearfix'>\n<section class=\"av_textblock_section\"  itemscope=\"itemscope\" itemtype=\"https:\/\/schema.org\/CreativeWork\" ><div class='avia_textblock '   itemprop=\"text\" ><h1 style=\"text-align: center;\"><span style=\"color: #ff9900;\"><a style=\"color: #ff9900;\" href=\"http:\/\/integrateminds.com\/\">LEDARSKAPSUTVECKLING, COACHING PROJEKTLEDARUTBILDNING<\/a><br \/>\n<\/span><\/h1>\n<p style=\"text-align: center;\">Vad vill Du att ett skr\u00e4ddarsytt ledarskapsprogram eller en <a href=\"http:\/\/integrateminds.com\/sv\/clients\/\">projektledarutbildning<\/a> ska leverera\u00a0f\u00f6r din organisation? Starkare motivation\u00a0att f\u00f6rverkliga organisationens m\u00e5l? Mer effektivt strategiutf\u00f6rande? F\u00f6rb\u00e4ttrade arbetsrelationer? \u00d6kat samarbete och korsf\u00f6rs\u00e4ljning av produkter eller tj\u00e4nster? F\u00f6rberedelse f\u00f6r kommande utmaningar?<\/p>\n<p style=\"text-align: center;\">Integrate Minds ledarskapsprogram skr\u00e4ddarsys f\u00f6r att st\u00f6dja Din organisations vision, m\u00e5l och specifika behov. En unik kollektion av kraftfulla verktyg f\u00f6r personlig och professionell utveckling kombineras i ett workshop, seminarium eller coachingerbjudande f\u00f6r att st\u00f6dja individuella ledares och organisationens h\u00f6gsta\u00a0potential.<\/p>\n<\/div><\/section>\n<\/div><\/div><\/div><!-- close content main div --><\/div><\/div><div id='art' class='avia-section main_color avia-section-large avia-no-shadow avia-bg-style-scroll  container_wrap fullsize' style = 'background-color: #89807b; background-color: #89807b; '  ><div class='container' ><div class='template-page content  av-content-full alpha units'><div class='post-entry post-entry-type-page post-entry-6303'><div class='entry-content-wrapper clearfix'>\n<div class=\"flex_column av_one_full  av-animated-generic fade-in  flex_column_div av-zero-column-padding first  \" style='border-radius:0px; '><section class=\"av_textblock_section\"  itemscope=\"itemscope\" itemtype=\"https:\/\/schema.org\/CreativeWork\" ><div class='avia_textblock  av_inherit_color'  style='color:#ffffff !important; '  itemprop=\"text\" ><p><img loading=\"lazy\" class=\"alignleft wp-image-56 size-full\" title=\"Projektledarutbildning\" src=\"http:\/\/integrateminds.com\/wp-content\/uploads\/2016\/01\/katinka.jpg\" alt=\"katinka\" width=\"150\" height=\"150\" srcset=\"http:\/\/integrateminds.com\/wp-content\/uploads\/2016\/01\/katinka.jpg 150w, http:\/\/integrateminds.com\/wp-content\/uploads\/2016\/01\/katinka-80x80.jpg 80w, http:\/\/integrateminds.com\/wp-content\/uploads\/2016\/01\/katinka-36x36.jpg 36w, http:\/\/integrateminds.com\/wp-content\/uploads\/2016\/01\/katinka-120x120.jpg 120w\" sizes=\"(max-width: 150px) 100vw, 150px\" \/>Globalisering, \u00f6kad konkurrens, och ny teknologi inneb\u00e4r b\u00e5de m\u00f6jligheter och utmaningar f\u00f6r dagens n\u00e4ringsliv. Of\u00f6ruts\u00e4gbara h\u00e4ndelser och ovisshet om framtiden \u00f6kar pressen p\u00e5 f\u00f6retag att vara proaktiva, och p\u00e5 individer att ta personligt ansvar f\u00f6r att kunna hantera en f\u00f6r\u00e4nderlig verklighet. Till detta kommer n\u00f6dv\u00e4ndigheten att utveckla sin sj\u00e4lvk\u00e4nnedom f\u00f6r att f\u00f6rebygga stress och skapa balans mellan arbete och privatliv.\u00a0Ditt unika ledarskap f\u00f6r\u00a0projektledarutbildning handlar om leva ditt liv utifr\u00e5n en klar uppfattning om vem du \u00e4r &#8211; vad som formade dig, vad som driver dig, och vad du \u00e4r kapabel till \u2013 att fullt utnyttja din egen inneboende kraft att skapa ditt liv och p\u00e5verka din omv\u00e4rld.<\/p>\n<p>Katinka Nordenski\u00f6ld leder utvecklingsprocesser och <a href=\"https:\/\/twitter.com\/katinkanicou\/status\/603632054551576576\">projektledarutbildningar<\/a> f\u00f6r f\u00f6retag och ledare som st\u00f6djer strategiska m\u00e5l och fr\u00e4mjar aff\u00e4rsutveckling och personlig utveckling. Hon hj\u00e4lper organisationer att identifiera nya m\u00f6jligheter, skapa ny kunskap och ta vara p\u00e5 medarbetares insikter och kraft att uppn\u00e5 sin h\u00f6gsta potential. Katinka skr\u00e4ddarsyr program som driver fram viktiga insikter och f\u00e5r deltagare att m\u00f6tas i sina utg\u00e5ngspunkter, prioritera i beslutsfattande och rikta sin energi mot samma m\u00e5l. Som talare inspirerar hon lyssnare att hitta sin personliga kraft, uppt\u00e4cka nya glimtar av sig sj\u00e4lv och sin potential, finna nya insikter och passion i karri\u00e4ren, och att skapa sin alldeles egen guidande vision av ett full\u00e4ndat liv.<\/p>\n<p>Katinka har utf\u00f6rt uppdrag f\u00f6r klienter i USA och Europa, och skrivit artiklar om aff\u00e4rs- och ledarskapsutveckling och projektledarutbildning i globala medier. Som bakgrund har Katinka en diplomutbildning i marknadsf\u00f6ring, en Bachelorutbildning i beteendevetenskap fr\u00e5n New York University, en Masterutbildning i Ledarskap fr\u00e5n Columbia University, och en Masterutbildning i Konfliktstudier fr\u00e5n London School of Economics. Parallellt med dessa har hon genomg\u00e5tt tr\u00e4ning till ett antal certifikationer inom personlig utveckling, bland annat Master Practitioner i NLP och hypnosterapi.<\/p>\n<\/div><\/section><\/div><\/div><\/div><\/div><!-- close content main div --><\/div><\/div><div id='av_section_3' class='avia-section main_color avia-section-default avia-no-shadow avia-bg-style-scroll  container_wrap fullsize'   ><div class='container' ><div class='template-page content  av-content-full alpha units'><div class='post-entry post-entry-type-page post-entry-6303'><div class='entry-content-wrapper clearfix'>\n<section class=\"av_textblock_section\"  itemscope=\"itemscope\" itemtype=\"https:\/\/schema.org\/CreativeWork\" ><div class='avia_textblock '   itemprop=\"text\" ><h2 style=\"text-align: center;\"><a class=\"auto-style1\" href=\"\/blog\/\"><span style=\"color: #ff9900;\">BLOGG<\/span><\/a><\/h2>\n<\/div><\/section>\n<div  data-autoplay=''  data-interval='5'  data-animation='fade'  data-show_slide_delay='90'  class='avia-content-slider avia-content-grid-active avia-content-slider1 avia-content-slider-even '  itemscope=\"itemscope\" itemtype=\"https:\/\/schema.org\/Blog\" ><div class='avia-content-slider-inner'><div class='slide-entry-wrap'><article class='slide-entry flex_column  post-entry post-entry-6847 slide-entry-overview slide-loop-1 slide-parity-odd  av_one_fourth first real-thumbnail'  itemscope=\"itemscope\" itemtype=\"https:\/\/schema.org\/BlogPosting\" itemprop=\"blogPost\" ><a href='http:\/\/integrateminds.com\/sv\/2017-narcissism-new-normal\/' data-rel='slide-1' class='slide-image' title=''><img width=\"260\" height=\"185\" src=\"http:\/\/integrateminds.com\/wp-content\/uploads\/2018\/01\/Line-in-the-sand-1-260x185.jpg\" class=\"attachment-portfolio_small size-portfolio_small wp-post-image\" alt=\"\" loading=\"lazy\" \/><\/a><div class='slide-content'><header class=\"entry-content-header\"><span class=\"blog-categories minor-meta\"><a href=\"http:\/\/integrateminds.com\/sv\/category\/blog-sv\/\" rel=\"tag\">Blog<\/a>, <a href=\"http:\/\/integrateminds.com\/sv\/category\/blogg\/\" rel=\"tag\">Blogg<\/a> <\/span><h3 class='slide-entry-title entry-title'  itemprop=\"headline\" ><a href='http:\/\/integrateminds.com\/sv\/2017-narcissism-new-normal\/' title='2017: Is Narcissism the New Normal?'>2017: Is Narcissism the New Normal?<\/a><\/h3><span class=\"av-vertical-delimiter\"><\/span><\/header><div class='slide-meta'><time class='slide-meta-time updated'  itemprop=\"datePublished\" datetime=\"2018-01-25T10:07:34+00:00\" >januari 25, 2018<\/time><\/div><div class='slide-entry-excerpt entry-content'  itemprop=\"text\" >Do you remember the exact moment you stopped believing Santa Claus? Was it a shock to you? Or was it more like a slow gentle waking up to a new understanding, and you were ok with it? Like a realization\u2026<\/div><\/div><footer class=\"entry-footer\"><\/footer><\/article><article class='slide-entry flex_column  post-entry post-entry-6749 slide-entry-overview slide-loop-2 slide-parity-even  av_one_fourth  real-thumbnail'  itemscope=\"itemscope\" itemtype=\"https:\/\/schema.org\/BlogPosting\" itemprop=\"blogPost\" ><a href='http:\/\/integrateminds.com\/sv\/enlightened-power\/' data-rel='slide-1' class='slide-image' title=''><img width=\"260\" height=\"185\" src=\"http:\/\/integrateminds.com\/wp-content\/uploads\/2016\/10\/Power-2-260x185.jpg\" class=\"attachment-portfolio_small size-portfolio_small wp-post-image\" alt=\"\" loading=\"lazy\" \/><\/a><div class='slide-content'><header class=\"entry-content-header\"><span class=\"blog-categories minor-meta\"><a href=\"http:\/\/integrateminds.com\/sv\/category\/blog-sv\/\" rel=\"tag\">Blog<\/a>, <a href=\"http:\/\/integrateminds.com\/sv\/category\/blogg\/\" rel=\"tag\">Blogg<\/a>, <a href=\"http:\/\/integrateminds.com\/sv\/category\/okategoriserad\/\" rel=\"tag\">Okategoriserad<\/a> <\/span><h3 class='slide-entry-title entry-title'  itemprop=\"headline\" ><a href='http:\/\/integrateminds.com\/sv\/enlightened-power\/' title='2016: Enlightened Power'>2016: Enlightened Power<\/a><\/h3><span class=\"av-vertical-delimiter\"><\/span><\/header><div class='slide-meta'><time class='slide-meta-time updated'  itemprop=\"datePublished\" datetime=\"2016-10-26T19:55:27+00:00\" >oktober 26, 2016<\/time><\/div><div class='slide-entry-excerpt entry-content'  itemprop=\"text\" >Earlier this year I wrote that 2016 would be the year in which we would all come into our personal power. By that I do not mean power as a title, position, money, or social context - but power as the ability\u2026<\/div><\/div><footer class=\"entry-footer\"><\/footer><\/article><article class='slide-entry flex_column  post-entry post-entry-6629 slide-entry-overview slide-loop-3 slide-parity-odd  av_one_fourth  real-thumbnail'  itemscope=\"itemscope\" itemtype=\"https:\/\/schema.org\/BlogPosting\" itemprop=\"blogPost\" ><a href='http:\/\/integrateminds.com\/sv\/the-roles-of-our-lives\/' data-rel='slide-1' class='slide-image' title=''><img width=\"260\" height=\"185\" src=\"http:\/\/integrateminds.com\/wp-content\/uploads\/2016\/06\/My-Role-Is-1-260x185.jpg\" class=\"attachment-portfolio_small size-portfolio_small wp-post-image\" alt=\"\" loading=\"lazy\" \/><\/a><div class='slide-content'><header class=\"entry-content-header\"><span class=\"blog-categories minor-meta\"><a href=\"http:\/\/integrateminds.com\/sv\/category\/blog-sv\/\" rel=\"tag\">Blog<\/a>, <a href=\"http:\/\/integrateminds.com\/sv\/category\/blogg\/\" rel=\"tag\">Blogg<\/a>, <a href=\"http:\/\/integrateminds.com\/sv\/category\/okategoriserad\/\" rel=\"tag\">Okategoriserad<\/a> <\/span><h3 class='slide-entry-title entry-title'  itemprop=\"headline\" ><a href='http:\/\/integrateminds.com\/sv\/the-roles-of-our-lives\/' title='The Roles of Our Lives'>The Roles of Our Lives<\/a><\/h3><span class=\"av-vertical-delimiter\"><\/span><\/header><div class='slide-meta'><time class='slide-meta-time updated'  itemprop=\"datePublished\" datetime=\"2016-06-27T09:43:43+00:00\" >juni 27, 2016<\/time><\/div><div class='slide-entry-excerpt entry-content'  itemprop=\"text\" >Most people would agree that no two great leaders are alike. The question is: at what point does someone become a great leader? I believe an extraordinary leader in today\u2019s world is someone whose capacity\u2026<\/div><\/div><footer class=\"entry-footer\"><\/footer><\/article><article class='slide-entry flex_column  post-entry post-entry-6511 slide-entry-overview slide-loop-4 slide-parity-even  av_one_fourth  real-thumbnail'  itemscope=\"itemscope\" itemtype=\"https:\/\/schema.org\/BlogPosting\" itemprop=\"blogPost\" ><a href='http:\/\/integrateminds.com\/sv\/2015-getting-down-to-earth-2\/' data-rel='slide-1' class='slide-image' title=''><img width=\"260\" height=\"185\" src=\"http:\/\/integrateminds.com\/wp-content\/uploads\/2016\/02\/IMG_2114-260x185.jpg\" class=\"attachment-portfolio_small size-portfolio_small wp-post-image\" alt=\"\" loading=\"lazy\" \/><\/a><div class='slide-content'><header class=\"entry-content-header\"><span class=\"blog-categories minor-meta\"><a href=\"http:\/\/integrateminds.com\/sv\/category\/blog-sv\/\" rel=\"tag\">Blog<\/a>, <a href=\"http:\/\/integrateminds.com\/sv\/category\/blogg\/\" rel=\"tag\">Blogg<\/a>, <a href=\"http:\/\/integrateminds.com\/sv\/category\/okategoriserad\/\" rel=\"tag\">Okategoriserad<\/a> <\/span><h3 class='slide-entry-title entry-title'  itemprop=\"headline\" ><a href='http:\/\/integrateminds.com\/sv\/2015-getting-down-to-earth-2\/' title='2015: Getting Down to Earth'>2015: Getting Down to Earth<\/a><\/h3><span class=\"av-vertical-delimiter\"><\/span><\/header><div class='slide-meta'><time class='slide-meta-time updated'  itemprop=\"datePublished\" datetime=\"2016-01-08T15:49:26+00:00\" >januari 8, 2016<\/time><\/div><div class='slide-entry-excerpt entry-content'  itemprop=\"text\" >A roller coaster, a bumpy ride, an uphill struggle.. That\u2019s how I hear a lot of people remember 2015. I wouldn\u2019t say I didn\u2019t experience a fair share of twists and turns too, but there was a clear\u2026<\/div><\/div><footer class=\"entry-footer\"><\/footer><\/article><\/div><div class='slide-entry-wrap'><article class='slide-entry flex_column  post-entry post-entry-6633 slide-entry-overview slide-loop-5 slide-parity-odd  av_one_fourth first real-thumbnail'  itemscope=\"itemscope\" itemtype=\"https:\/\/schema.org\/BlogPosting\" itemprop=\"blogPost\" ><a href='http:\/\/integrateminds.com\/sv\/what-is-a-goal-really\/' data-rel='slide-1' class='slide-image' title=''><img width=\"260\" height=\"185\" src=\"http:\/\/integrateminds.com\/wp-content\/uploads\/2016\/02\/photo1-e1455218877342-260x185.jpg\" class=\"attachment-portfolio_small size-portfolio_small wp-post-image\" alt=\"\" loading=\"lazy\" \/><\/a><div class='slide-content'><header class=\"entry-content-header\"><span class=\"blog-categories minor-meta\"><a href=\"http:\/\/integrateminds.com\/sv\/category\/blog-sv\/\" rel=\"tag\">Blog<\/a>, <a href=\"http:\/\/integrateminds.com\/sv\/category\/blogg\/\" rel=\"tag\">Blogg<\/a>, <a href=\"http:\/\/integrateminds.com\/sv\/category\/okategoriserad\/\" rel=\"tag\">Okategoriserad<\/a> <\/span><h3 class='slide-entry-title entry-title'  itemprop=\"headline\" ><a href='http:\/\/integrateminds.com\/sv\/what-is-a-goal-really\/' title='What is a goal, really?'>What is a goal, really?<\/a><\/h3><span class=\"av-vertical-delimiter\"><\/span><\/header><div class='slide-meta'><time class='slide-meta-time updated'  itemprop=\"datePublished\" datetime=\"2015-12-22T10:01:36+00:00\" >december 22, 2015<\/time><\/div><div class='slide-entry-excerpt entry-content'  itemprop=\"text\" >New Years resolutions are subject to as many jokes as there are people dedicating themselves to achieving novel things in the year to come. Why do we get it wrong?\r\n\r\nA personal goal is a desired outcome\u2026<\/div><\/div><footer class=\"entry-footer\"><\/footer><\/article><article class='slide-entry flex_column  post-entry post-entry-6382 slide-entry-overview slide-loop-6 slide-parity-even  av_one_fourth  real-thumbnail'  itemscope=\"itemscope\" itemtype=\"https:\/\/schema.org\/BlogPosting\" itemprop=\"blogPost\" ><a href='http:\/\/integrateminds.com\/sv\/a-new-dawn-shine-or-shun\/' data-rel='slide-1' class='slide-image' title=''><img width=\"260\" height=\"185\" src=\"http:\/\/integrateminds.com\/wp-content\/uploads\/2015\/08\/Sunrise-260x185.jpg\" class=\"attachment-portfolio_small size-portfolio_small wp-post-image\" alt=\"\" loading=\"lazy\" \/><\/a><div class='slide-content'><header class=\"entry-content-header\"><span class=\"blog-categories minor-meta\"><a href=\"http:\/\/integrateminds.com\/sv\/category\/blog-sv\/\" rel=\"tag\">Blog<\/a>, <a href=\"http:\/\/integrateminds.com\/sv\/category\/blogg\/\" rel=\"tag\">Blogg<\/a>, <a href=\"http:\/\/integrateminds.com\/sv\/category\/okategoriserad\/\" rel=\"tag\">Okategoriserad<\/a> <\/span><h3 class='slide-entry-title entry-title'  itemprop=\"headline\" ><a href='http:\/\/integrateminds.com\/sv\/a-new-dawn-shine-or-shun\/' title='A New Dawn: Shine or Shun?'>A New Dawn: Shine or Shun?<\/a><\/h3><span class=\"av-vertical-delimiter\"><\/span><\/header><div class='slide-meta'><time class='slide-meta-time updated'  itemprop=\"datePublished\" datetime=\"2015-08-27T16:26:02+00:00\" >augusti 27, 2015<\/time><\/div><div class='slide-entry-excerpt entry-content'  itemprop=\"text\" >A few days ago, I got up early to watch the sun rise from a beautiful island in the Stockholm archipelago. I was thinking that few things are as reliable as the sun rising these days. Few things are constant,\u2026<\/div><\/div><footer class=\"entry-footer\"><\/footer><\/article><article class='slide-entry flex_column  post-entry post-entry-6376 slide-entry-overview slide-loop-7 slide-parity-odd  av_one_fourth  real-thumbnail'  itemscope=\"itemscope\" itemtype=\"https:\/\/schema.org\/BlogPosting\" itemprop=\"blogPost\" ><a href='http:\/\/integrateminds.com\/sv\/boko-haram-and-charlie-the-war-on-radicalization-starts-within-us\/' data-rel='slide-1' class='slide-image' title=''><img width=\"260\" height=\"185\" src=\"http:\/\/integrateminds.com\/wp-content\/uploads\/2015\/01\/2011_0824_integratehands_high-260x185.jpg\" class=\"attachment-portfolio_small size-portfolio_small wp-post-image\" alt=\"\" loading=\"lazy\" \/><\/a><div class='slide-content'><header class=\"entry-content-header\"><span class=\"blog-categories minor-meta\"><a href=\"http:\/\/integrateminds.com\/sv\/category\/blog-sv\/\" rel=\"tag\">Blog<\/a>, <a href=\"http:\/\/integrateminds.com\/sv\/category\/blogg\/\" rel=\"tag\">Blogg<\/a>, <a href=\"http:\/\/integrateminds.com\/sv\/category\/okategoriserad\/\" rel=\"tag\">Okategoriserad<\/a> <\/span><h3 class='slide-entry-title entry-title'  itemprop=\"headline\" ><a href='http:\/\/integrateminds.com\/sv\/boko-haram-and-charlie-the-war-on-radicalization-starts-within-us\/' title='The War on Radicalization Starts Within Us'>The War on Radicalization Starts Within Us<\/a><\/h3><span class=\"av-vertical-delimiter\"><\/span><\/header><div class='slide-meta'><time class='slide-meta-time updated'  itemprop=\"datePublished\" datetime=\"2015-01-16T16:24:52+00:00\" >januari 16, 2015<\/time><\/div><div class='slide-entry-excerpt entry-content'  itemprop=\"text\" >In light of last week's attacks in Paris and Nigeria, the aftermath of historical analyses and political scrutiny, and the ongoing expansion of idealistic\u00a0networks representing every facet of good and\u2026<\/div><\/div><footer class=\"entry-footer\"><\/footer><\/article><article class='slide-entry flex_column  post-entry post-entry-6375 slide-entry-overview slide-loop-8 slide-parity-even  post-entry-last  av_one_fourth  real-thumbnail'  itemscope=\"itemscope\" itemtype=\"https:\/\/schema.org\/BlogPosting\" itemprop=\"blogPost\" ><a href='http:\/\/integrateminds.com\/sv\/2014-what-heli-skiing-and-suicide-bombers-can-teach-us-about-male-and-female-leadership-what-surfing-can-teach-us-about-resourcefulness-and-what-a-little-puppy-can-teach-us-about-letting-go\/' data-rel='slide-1' class='slide-image' title=''><img width=\"260\" height=\"185\" src=\"http:\/\/integrateminds.com\/wp-content\/uploads\/2014\/12\/photo2-260x185.jpg\" class=\"attachment-portfolio_small size-portfolio_small wp-post-image\" alt=\"\" loading=\"lazy\" \/><\/a><div class='slide-content'><header class=\"entry-content-header\"><span class=\"blog-categories minor-meta\"><a href=\"http:\/\/integrateminds.com\/sv\/category\/blog-sv\/\" rel=\"tag\">Blog<\/a>, <a href=\"http:\/\/integrateminds.com\/sv\/category\/blogg\/\" rel=\"tag\">Blogg<\/a>, <a href=\"http:\/\/integrateminds.com\/sv\/category\/okategoriserad\/\" rel=\"tag\">Okategoriserad<\/a> <\/span><h3 class='slide-entry-title entry-title'  itemprop=\"headline\" ><a href='http:\/\/integrateminds.com\/sv\/2014-what-heli-skiing-and-suicide-bombers-can-teach-us-about-male-and-female-leadership-what-surfing-can-teach-us-about-resourcefulness-and-what-a-little-puppy-can-teach-us-about-letting-go\/' title='2014: Lessons on Male and Female Leadership from Heli-Skiers and a Suicide Bomber'>2014: Lessons on Male and Female Leadership from Heli-Skiers and a Suicide Bomber<\/a><\/h3><span class=\"av-vertical-delimiter\"><\/span><\/header><div class='slide-meta'><time class='slide-meta-time updated'  itemprop=\"datePublished\" datetime=\"2014-12-31T16:24:31+00:00\" >december 31, 2014<\/time><\/div><div class='slide-entry-excerpt entry-content'  itemprop=\"text\" >A swirl of snow blocked our vision from the cockpit as we descended onto the tiny summit surface of Rosa Blanche, Verbier. Sacha, the region\u2019s toughest ski guide, the king of Verbier, loaded our skis\u2026<\/div><\/div><footer class=\"entry-footer\"><\/footer><\/article><\/div><\/div><\/div>\n<\/p>\n","protected":false},"excerpt":{"rendered":"","protected":false},"author":1,"featured_media":0,"parent":0,"menu_order":0,"comment_status":"closed","ping_status":"closed","template":"","meta":[],"_links":{"self":[{"href":"http:\/\/integrateminds.com\/sv\/wp-json\/wp\/v2\/pages\/6303"}],"collection":[{"href":"http:\/\/integrateminds.com\/sv\/wp-json\/wp\/v2\/pages"}],"about":[{"href":"http:\/\/integrateminds.com\/sv\/wp-json\/wp\/v2\/types\/page"}],"author":[{"embeddable":true,"href":"http:\/\/integrateminds.com\/sv\/wp-json\/wp\/v2\/users\/1"}],"replies":[{"embeddable":true,"href":"http:\/\/integrateminds.com\/sv\/wp-json\/wp\/v2\/comments?post=6303"}],"version-history":[{"count":31,"href":"http:\/\/integrateminds.com\/sv\/wp-json\/wp\/v2\/pages\/6303\/revisions"}],"predecessor-version":[{"id":6870,"href":"http:\/\/integrateminds.com\/sv\/wp-json\/wp\/v2\/pages\/6303\/revisions\/6870"}],"wp:attachment":[{"href":"http:\/\/integrateminds.com\/sv\/wp-json\/wp\/v2\/media?parent=6303"}],"curies":[{"name":"wp","href":"https:\/\/api.w.org\/{rel}","templated":true}]}}