{"id":6300,"date":"2016-02-11T16:01:36","date_gmt":"2016-02-11T16:01:36","guid":{"rendered":"http:\/\/integrateminds.com\/sv\/?page_id=6300"},"modified":"2018-01-22T15:54:52","modified_gmt":"2018-01-22T15:54:52","slug":"clients","status":"publish","type":"page","link":"http:\/\/integrateminds.com\/sv\/clients\/","title":{"rendered":"Kunder"},"content":{"rendered":"<\/div><\/div><\/div><!-- close content main div --><\/div><\/div><div id='full_slider_1' class='avia-fullwidth-slider main_color avia-shadow  container_wrap fullsize'   ><div  data-size='featured'  data-lightbox_size='large'  data-animation='slide'  data-ids='124'  data-video_counter='0'  data-autoplay='false'  data-bg_slider='false'  data-slide_height=''  data-handle='av_slideshow_full'  data-interval='5'  data-class=' '  data-css_id=''  data-scroll_down=''  data-control_layout='av-control-default'  data-custom_markup=''  data-perma_caption=''  data-autoplay_stopper=''  data-src=''  data-position='top left'  data-repeat='no-repeat'  data-attach='scroll'  data-stretch=''  data-default-height='28.666666666667'  class='avia-slideshow avia-slideshow-1  av-control-default av-default-height-applied avia-slideshow-featured av_slideshow_full   avia-slide-slider '  itemscope=\"itemscope\" itemtype=\"https:\/\/schema.org\/ImageObject\" ><ul class='avia-slideshow-inner' style='padding-bottom: 13%;'><li  class=' av-single-slide slide-1 ' ><div data-rel='slideshow-1' class='avia-slide-wrap'  ><div class = \"caption_fullwidth av-slideshow-caption caption_center\"><div class = \"container caption_container\"><div class = \"slideshow_caption\"><div class = \"slideshow_inner_caption\"><div class = \"slideshow_align_caption\"><h2  class='avia-caption-title'  itemprop=\"name\" >KUNDER<\/h2><\/div><\/div><\/div><\/div><\/div><img src='http:\/\/integrateminds.com\/wp-content\/uploads\/2016\/01\/pub-1500x195.jpg' width='1500' height='195' title='pub' alt=''  itemprop=\"contentURL\"  \/><\/div><\/li><\/ul><\/div><\/div>\n<\/div><\/div><\/div><!-- close content main div --><\/div><\/div><div id='av_section_1' class='avia-section main_color avia-section-default avia-no-border-styling avia-bg-style-scroll  container_wrap fullsize'   ><div class='container' ><div class='template-page content  av-content-full alpha units'><div class='post-entry post-entry-type-page post-entry-6300'><div class='entry-content-wrapper clearfix'>\n<div style='height:50px' class='hr hr-invisible '><span class='hr-inner ' ><span class='hr-inner-style'><\/span><\/span><\/div>\n<div class=\"flex_column av_one_fourth  flex_column_div av-zero-column-padding first  \" style='border-radius:0px; '><div class='avia-image-container  av-styling-   avia-align-center '  itemscope=\"itemscope\" itemtype=\"https:\/\/schema.org\/ImageObject\"  ><div class='avia-image-container-inner'><img class='avia_image ' src='http:\/\/integrateminds.com\/wp-content\/uploads\/2016\/01\/Slide1-2-300x155.jpg' alt='' title='Slide1'   itemprop=\"contentURL\"  \/><\/div><\/div><\/div><div class=\"flex_column av_three_fourth  flex_column_div av-zero-column-padding   \" style='border-radius:0px; '><section class=\"av_textblock_section\"  itemscope=\"itemscope\" itemtype=\"https:\/\/schema.org\/CreativeWork\" ><div class='avia_textblock '   itemprop=\"text\" ><h2>VD, Nordens ledande Advokatbyr\u00e5<\/h2>\n<p><em><span lang=\"EN-GB\">We have engaged Katinka for various training and coaching sessions, including management training for our new partners and personal coaching of our more senior partners. Over the years, we have tried numerous management and leadership courses for our partners but we have never been really satisfied with the quality. Having worked with Katinka for almost a year now, we are however extremely pleased with her work for us. Instead of trying to apply general management theories to our business, Katinka has made a great effort to learn and understand the specific culture and values of our firm and used this knowledge for tailor made individual coaching sessions with our partners. This has added great value to us and after only a few sessions, not only have our partners increased their leadership skills but also become interested in personal development of themselves as leaders as well as increased their motivation to in turn develop our associates into future leaders. In short, Katinka offers an unrivalled leadership development.\u00a0<\/span><\/em><\/p>\n<\/div><\/section><\/div><\/div><\/div><\/div><!-- close content main div --><\/div><\/div><div id='av_section_2' class='avia-section main_color avia-section-default avia-no-border-styling avia-bg-style-scroll  container_wrap fullsize'   ><div class='container' ><div class='template-page content  av-content-full alpha units'><div class='post-entry post-entry-type-page post-entry-6300'><div class='entry-content-wrapper clearfix'>\n<div style='height:50px' class='hr hr-invisible '><span class='hr-inner ' ><span class='hr-inner-style'><\/span><\/span><\/div>\n<div class=\"flex_column av_one_fourth  flex_column_div av-zero-column-padding first  \" style='border-radius:0px; '><div class='avia-image-container  av-styling-   avia-align-center '  itemscope=\"itemscope\" itemtype=\"https:\/\/schema.org\/ImageObject\"  ><div class='avia-image-container-inner'><img class='avia_image ' src='http:\/\/integrateminds.com\/wp-content\/uploads\/2016\/02\/image002.jpg' alt='' title='image002'   itemprop=\"contentURL\"  \/><\/div><\/div><\/div><div class=\"flex_column av_three_fourth  flex_column_div av-zero-column-padding   \" style='border-radius:0px; '><section class=\"av_textblock_section\"  itemscope=\"itemscope\" itemtype=\"https:\/\/schema.org\/CreativeWork\" ><div class='avia_textblock '   itemprop=\"text\" ><h2>Sveriges Advokatsamfund<\/h2>\n<p><em>Jag har g\u00e5tt vid samtliga tillf\u00e4llen och varje g\u00e5ng \u00f6vertr\u00e4ffas mina f\u00f6rv\u00e4ntningar. &#8211;\u00a0<\/em>Deltagare, seminarium.<\/p>\n<p><em>Mycket handfast och inspirerande. Jag tar med mig flera v\u00e4rdefulla tips och insikter och ser fram emot n\u00e4sta tillf\u00e4lle.\u00a0<\/em>&#8211; Deltagare, seminarium.<\/p>\n<p><em>Jag tycker att Katinka var en otroligt bra f\u00f6rel\u00e4sare &#8211; kunnig, professionell, inspirerande och\u00a0deppig. &#8211;\u00a0<\/em>Deltagare, seminarium.<\/p>\n<p><em>J\u00e4ttebra initiativ och j\u00e4ttebra uppl\u00e4gg. Skicka g\u00e4rna vidare att f\u00f6rel\u00e4saren under samtliga tillf\u00e4llen varit helt fenomenal. Lagom informativ, mycket intressant att lyssna p\u00e5. Mycket positivt att Katinka l\u00e4mnat nycklar och verktyg f\u00f6r en sj\u00e4lv att anv\u00e4nda i yrkeslivet efter f\u00f6rel\u00e4sningen. Samt m\u00f6jlighet f\u00f6r en sj\u00e4lv att bygga vidare p\u00e5 informationen. Str\u00e5lande!<\/em>\u00a0&#8211; Deltagare, seminarium.<\/p>\n<\/div><\/section><\/div>\n<\/p>\n<\/div><\/div><\/div><!-- close content main div --><\/div><\/div><div id='av_section_3' class='avia-section main_color avia-section-default avia-no-border-styling avia-bg-style-scroll  container_wrap fullsize'   ><div class='container' ><div class='template-page content  av-content-full alpha units'><div class='post-entry post-entry-type-page post-entry-6300'><div class='entry-content-wrapper clearfix'>\n<div style='height:50px' class='hr hr-invisible '><span class='hr-inner ' ><span class='hr-inner-style'><\/span><\/span><\/div>\n<div class=\"flex_column av_one_fourth  flex_column_div av-zero-column-padding first  \" style='border-radius:0px; '><div class='avia-image-container  av-styling-   avia-align-center '  itemscope=\"itemscope\" itemtype=\"https:\/\/schema.org\/ImageObject\"  ><div class='avia-image-container-inner'><img class='avia_image ' src='http:\/\/integrateminds.com\/wp-content\/uploads\/2016\/02\/Unknown-300x83.png' alt='' title='Unknown'   itemprop=\"contentURL\"  \/><\/div><\/div><\/div><div class=\"flex_column av_three_fourth  flex_column_div av-zero-column-padding   \" style='border-radius:0px; '><section class=\"av_textblock_section\"  itemscope=\"itemscope\" itemtype=\"https:\/\/schema.org\/CreativeWork\" ><div class='avia_textblock '   itemprop=\"text\" ><h2>Hammer &amp; Hanborg<\/h2>\n<p><em>De h\u00e4r tv\u00e5 dagarna har knutit ihop v\u00e5r utveckling under de senaste tv\u00e5 \u00e5ren p\u00e5 ett utm\u00e4rkt och handgripligt s\u00e4tt. Vi har fortfarande steg kvar att ta men med din hj\u00e4lp, Katinka, har vi nu en handlingsplan och en \u00f6verblick om vilka stegen \u00e4r. Helheten var det stora v\u00e4rdet. Alla delar beh\u00f6ver vara med f\u00f6r att landa i ett resultat. &#8211;\u00a0<\/em>Lotta Schibbye Fredriksson, VD.<\/p>\n<p><em>Ett oerh\u00f6rt genomt\u00e4nkt uppl\u00e4gg som f\u00f6r min del gav en otrolig effekt i den del av f\u00f6r\u00e4ndringsfasen vi just nu befinner oss i. Det bidrog mycket att Katinka som extern konsult f\u00f6rstod v\u00e5r aff\u00e4r lika bra som oss sj\u00e4lva och levererade en process som fick oss att konkretiserade vad vi \u00e4r \u2013 vart vi vill och hur vi ska n\u00e5 dit p\u00e5 marknaden. Det blev ett tydligt avstamp fr\u00e5n den \u00f6vergripande varum\u00e4rkesf\u00f6rflyttningen till handfast och konkret arbete ut mot v\u00e5ra kunder. &#8211; <\/em>Konsult.<\/p>\n<p><em>Jag \u00e4r helt \u00f6vertygad om att den process du gjorde med oss kommer att bidra till att vi tar tag i vissa saker och faktiskt f\u00e5r dem att h\u00e4nda. Vi fick tydliga modeller, actions och m\u00e5l! Jag gillade s\u00e4rskilt att vi fick med oss nya insikter om vad som \u00e4r unikt f\u00f6r oss och att du ibland reflekterade h\u00f6gt och fick oss att t\u00e4nka ytterligare ett varv. &#8211;\u00a0<\/em>Konsult.<\/p>\n<p><em>Du under dessa tv\u00e5 dagar lyckades ta oss igenom ganska sv\u00e5ra fr\u00e5gest\u00e4llningar p\u00e5 ett enkelt s\u00e4tt. Det gillar jag. Det var enkelt, okomplicerat och avsp\u00e4nt. Mycket tack vare din personlighet s\u00e5klart. &#8211;\u00a0<\/em>Konsult.<\/p>\n<\/div><\/section><\/div>\n\n<\/div><\/div><\/div><!-- close content main div --><\/div><\/div><div id='av_section_4' class='avia-section main_color avia-section-default avia-no-border-styling avia-bg-style-scroll  container_wrap fullsize'   ><div class='container' ><div class='template-page content  av-content-full alpha units'><div class='post-entry post-entry-type-page post-entry-6300'><div class='entry-content-wrapper clearfix'>\n<div style='height:50px' class='hr hr-invisible '><span class='hr-inner ' ><span class='hr-inner-style'><\/span><\/span><\/div>\n<div class=\"flex_column av_one_fourth  flex_column_div av-zero-column-padding first  \" style='border-radius:0px; '><div class='avia-image-container  av-styling-   avia-align-center '  itemscope=\"itemscope\" itemtype=\"https:\/\/schema.org\/ImageObject\"  ><div class='avia-image-container-inner'><img class='avia_image ' src='http:\/\/integrateminds.com\/wp-content\/uploads\/2016\/01\/Dechrt-300x198.png' alt='' title='Dechrt-300x198'   itemprop=\"contentURL\"  \/><\/div><\/div><\/div><div class=\"flex_column av_three_fourth  flex_column_div av-zero-column-padding   \" style='border-radius:0px; '><section class=\"av_textblock_section\"  itemscope=\"itemscope\" itemtype=\"https:\/\/schema.org\/CreativeWork\" ><div class='avia_textblock '   itemprop=\"text\" ><h2>Stuart Martin, Partner, Dechert LLP<\/h2>\n<p><em>Thank you for the workshop. I thought it was terrific in terms of content, interest, relevance and presentation \u2013 well done!<\/em><\/p>\n<\/div><\/section><\/div>\n\n<div  class='hr hr-default '><span class='hr-inner ' ><span class='hr-inner-style'><\/span><\/span><\/div>\n<\/div><\/div><\/div><!-- close content main div --><\/div><\/div><div id='av_section_5' class='avia-section main_color avia-section-default avia-no-border-styling avia-bg-style-scroll  container_wrap fullsize'   ><div class='container' ><div class='template-page content  av-content-full alpha units'><div class='post-entry post-entry-type-page post-entry-6300'><div class='entry-content-wrapper clearfix'>\n<div class=\"flex_column av_one_fourth  flex_column_div av-zero-column-padding first  \" style='border-radius:0px; '><div class='avia-image-container  av-styling-   avia-align-center '  itemscope=\"itemscope\" itemtype=\"https:\/\/schema.org\/ImageObject\"  ><div class='avia-image-container-inner'><img class='avia_image ' src='http:\/\/integrateminds.com\/wp-content\/uploads\/2016\/01\/DN-300x198.png' alt='' title='DN-300x198'   itemprop=\"contentURL\"  \/><\/div><\/div><\/div><div class=\"flex_column av_three_fourth  flex_column_div av-zero-column-padding   \" style='border-radius:0px; '><section class=\"av_textblock_section\"  itemscope=\"itemscope\" itemtype=\"https:\/\/schema.org\/CreativeWork\" ><div class='avia_textblock '   itemprop=\"text\" ><h2>Tom Bradley, Principal,\u00a0DN Capital<\/h2>\n<p><em>I hired Katinka Nicou in 2010 to help us assess the potential of the management team of one of our target portfolio companies. Katinka provided feedback on the team members\u2019 leadership profiles, capability, group dynamics and decision making. She also advised us on proactive measures to mitigate future risks and enable the potential of the team in consideration of the company\u2019s growth projections, and provided helpful recommendations for management development. I would recommend Katinka to other Venture Capital and Private Equity firms looking to include management assessment as part of their due diligence efforts.<\/em><\/p>\n<\/div><\/section><\/div>\n\n<div  class='hr hr-default '><span class='hr-inner ' ><span class='hr-inner-style'><\/span><\/span><\/div>\n<\/div><\/div><\/div><!-- close content main div --><\/div><\/div><div id='av_section_6' class='avia-section main_color avia-section-default avia-no-border-styling avia-bg-style-scroll  container_wrap fullsize'   ><div class='container' ><div class='template-page content  av-content-full alpha units'><div class='post-entry post-entry-type-page post-entry-6300'><div class='entry-content-wrapper clearfix'>\n<div class=\"flex_column av_one_fourth  flex_column_div av-zero-column-padding first  \" style='border-radius:0px; '><div class='avia-image-container  av-styling-   avia-align-center '  itemscope=\"itemscope\" itemtype=\"https:\/\/schema.org\/ImageObject\"  ><div class='avia-image-container-inner'><img class='avia_image ' src='http:\/\/integrateminds.com\/wp-content\/uploads\/2016\/01\/Barclays-300x198.png' alt='' title='Barclays-300x198'   itemprop=\"contentURL\"  \/><\/div><\/div><\/div><div class=\"flex_column av_three_fourth  flex_column_div av-zero-column-padding   \" style='border-radius:0px; '><section class=\"av_textblock_section\"  itemscope=\"itemscope\" itemtype=\"https:\/\/schema.org\/CreativeWork\" ><div class='avia_textblock '   itemprop=\"text\" ><h2>Jane Davison, Head of Resourcing, Barclays Bank<\/h2>\n<p><em>The exercise on how different people think really opened my eyes about some challenging work relationships. I found the techniques of how to build rapport faster with new contacts or difficult stakeholders valuable. The course was informative, helpful and relevant. It raises awareness of different personality styles and increased my own self-awareness.<\/em><\/p>\n<\/div><\/section><\/div>\n\n<div  class='hr hr-default '><span class='hr-inner ' ><span class='hr-inner-style'><\/span><\/span><\/div>\n<\/div><\/div><\/div><!-- close content main div --><\/div><\/div><div id='av_section_7' class='avia-section main_color avia-section-default avia-no-border-styling avia-bg-style-scroll  container_wrap fullsize'   ><div class='container' ><div class='template-page content  av-content-full alpha units'><div class='post-entry post-entry-type-page post-entry-6300'><div class='entry-content-wrapper clearfix'>\n<div class=\"flex_column av_one_fourth  flex_column_div av-zero-column-padding first  \" style='border-radius:0px; '><div class='avia-image-container  av-styling-   avia-align-center '  itemscope=\"itemscope\" itemtype=\"https:\/\/schema.org\/ImageObject\"  ><div class='avia-image-container-inner'><img class='avia_image ' src='http:\/\/integrateminds.com\/wp-content\/uploads\/2016\/01\/Barclays-300x198.png' alt='' title='Barclays-300x198'   itemprop=\"contentURL\"  \/><\/div><\/div><\/div><div class=\"flex_column av_three_fourth  flex_column_div av-zero-column-padding   \" style='border-radius:0px; '><section class=\"av_textblock_section\"  itemscope=\"itemscope\" itemtype=\"https:\/\/schema.org\/CreativeWork\" ><div class='avia_textblock '   itemprop=\"text\" ><h2>Rachael Barber, Director of Global Community Investment, Barclays Bank<\/h2>\n<p><em>This offsite was a really great opportunity to focus on achieving top performance as a team. We came away with a manageable set of actions and personal commitments that I feel motivated to follow through on and and ensure are delivered.<\/em><\/p>\n<\/div><\/section><\/div>\n\n<div  class='hr hr-default '><span class='hr-inner ' ><span class='hr-inner-style'><\/span><\/span><\/div>\n<\/div><\/div><\/div><!-- close content main div --><\/div><\/div><div id='av_section_8' class='avia-section main_color avia-section-default avia-no-border-styling avia-bg-style-scroll  container_wrap fullsize'   ><div class='container' ><div class='template-page content  av-content-full alpha units'><div class='post-entry post-entry-type-page post-entry-6300'><div class='entry-content-wrapper clearfix'>\n<div class=\"flex_column av_one_fourth  flex_column_div av-zero-column-padding first  \" style='border-radius:0px; '><div class='avia-image-container  av-styling-   avia-align-center '  itemscope=\"itemscope\" itemtype=\"https:\/\/schema.org\/ImageObject\"  ><div class='avia-image-container-inner'><img class='avia_image ' src='http:\/\/integrateminds.com\/wp-content\/uploads\/2016\/01\/Accenture-300x198.png' alt='' title='Accenture-300x198'   itemprop=\"contentURL\"  \/><\/div><\/div><\/div><div class=\"flex_column av_three_fourth  flex_column_div av-zero-column-padding   \" style='border-radius:0px; '><section class=\"av_textblock_section\"  itemscope=\"itemscope\" itemtype=\"https:\/\/schema.org\/CreativeWork\" ><div class='avia_textblock '   itemprop=\"text\" ><h2>Nick Smith, Managing Director, Management Consulting, Accenture<\/h2>\n<p><em>I have experienced a range of executive coaches and Katinka brings a unique approach and perspective to the discipline. More than just demonstrating her empathy and commercial experience, we were able to properly assess what mattered to me, how to respond to the choices presented and how to create outcomes with greater certainty which benefitted both my organisation and me. The experience was enlightening and I have carried both the learning\u2019s and some of the techniques forward with me.<\/em><\/p>\n<\/div><\/section><\/div>\n\n<div  class='hr hr-default '><span class='hr-inner ' ><span class='hr-inner-style'><\/span><\/span><\/div>\n<\/div><\/div><\/div><!-- close content main div --><\/div><\/div><div id='av_section_9' class='avia-section main_color avia-section-default avia-no-border-styling avia-bg-style-scroll  container_wrap fullsize'   ><div class='container' ><div class='template-page content  av-content-full alpha units'><div class='post-entry post-entry-type-page post-entry-6300'><div class='entry-content-wrapper clearfix'>\n<div class=\"flex_column av_one_fourth  flex_column_div av-zero-column-padding first  \" style='border-radius:0px; '><div class='avia-image-container  av-styling-   avia-align-center '  itemscope=\"itemscope\" itemtype=\"https:\/\/schema.org\/ImageObject\"  ><div class='avia-image-container-inner'><img class='avia_image ' src='http:\/\/integrateminds.com\/wp-content\/uploads\/2016\/01\/Deutsche-Bank-300x149.png' alt='' title='Deutsche-Bank-300x149'   itemprop=\"contentURL\"  \/><\/div><\/div><\/div><div class=\"flex_column av_three_fourth  flex_column_div av-zero-column-padding   \" style='border-radius:0px; '><section class=\"av_textblock_section\"  itemscope=\"itemscope\" itemtype=\"https:\/\/schema.org\/CreativeWork\" ><div class='avia_textblock '   itemprop=\"text\" ><h2>Catherine Ablott, Global Head of Market Data Services, Deutsche Bank<\/h2>\n<p><em>I enjoyed working with Katinka on several people development initiatives. In particular she stepped in to present a training session on Coaching to a large number of MDs, Ds and VPs at very short notice when the trainer was unable to make it. The session was lively and engaging and all coaches and coachees left with clear knowledge of what was expected of them. We also worked together on a Talent Survey for the group at the time and setting up Employee and Manager forums to give staff the opportunity to voice their opinions on what could be done to improve people development. Again these sessions were lively and engaging and produced a great deal of useful information that was then used by management to develop our people development strategy.<\/em><\/p>\n<\/div><\/section><\/div>\n\n<div  class='hr hr-default '><span class='hr-inner ' ><span class='hr-inner-style'><\/span><\/span><\/div>\n<\/div><\/div><\/div><!-- close content main div --><\/div><\/div><div id='av_section_10' class='avia-section main_color avia-section-default avia-no-border-styling avia-bg-style-scroll  container_wrap fullsize'   ><div class='container' ><div class='template-page content  av-content-full alpha units'><div class='post-entry post-entry-type-page post-entry-6300'><div class='entry-content-wrapper clearfix'>\n<div class=\"flex_column av_one_fourth  flex_column_div av-zero-column-padding first  \" style='border-radius:0px; '><div class='avia-image-container  av-styling-   avia-align-center '  itemscope=\"itemscope\" itemtype=\"https:\/\/schema.org\/ImageObject\"  ><div class='avia-image-container-inner'><img class='avia_image ' src='http:\/\/integrateminds.com\/wp-content\/uploads\/2016\/01\/Vinge-300x198.png' alt='' title='Vinge-300x198'   itemprop=\"contentURL\"  \/><\/div><\/div><\/div><div class=\"flex_column av_three_fourth  flex_column_div av-zero-column-padding   \" style='border-radius:0px; '><section class=\"av_textblock_section\"  itemscope=\"itemscope\" itemtype=\"https:\/\/schema.org\/CreativeWork\" ><div class='avia_textblock '   itemprop=\"text\" ><h2>Mikael St\u00e5hl, Partner, Vinge<\/h2>\n<p><em>This was better than similar seminars. Katinka understood our business and the relationship with our clients well. I found the group discussions valuable, which Katinka led as an excellent moderator.<\/em><\/p>\n<\/div><\/section><\/div>\n\n<div  class='hr hr-default '><span class='hr-inner ' ><span class='hr-inner-style'><\/span><\/span><\/div>\n<\/div><\/div><\/div><!-- close content main div --><\/div><\/div><div id='av_section_11' class='avia-section main_color avia-section-default avia-no-border-styling avia-bg-style-scroll  container_wrap fullsize'   ><div class='container' ><div class='template-page content  av-content-full alpha units'><div class='post-entry post-entry-type-page post-entry-6300'><div class='entry-content-wrapper clearfix'>\n<div class=\"flex_column av_one_fourth  flex_column_div av-zero-column-padding first  \" style='border-radius:0px; '><div class='avia-image-container  av-styling-   avia-align-center '  itemscope=\"itemscope\" itemtype=\"https:\/\/schema.org\/ImageObject\"  ><div class='avia-image-container-inner'><img class='avia_image ' src='http:\/\/integrateminds.com\/wp-content\/uploads\/2016\/01\/Vinge-300x198.png' alt='' title='Vinge-300x198'   itemprop=\"contentURL\"  \/><\/div><\/div><\/div><div class=\"flex_column av_three_fourth  flex_column_div av-zero-column-padding   \" style='border-radius:0px; '><section class=\"av_textblock_section\"  itemscope=\"itemscope\" itemtype=\"https:\/\/schema.org\/CreativeWork\" ><div class='avia_textblock '   itemprop=\"text\" ><h2>Daniel Rosvall, Partner, Vinge<\/h2>\n<p><em>The program contributed to an increased understanding of how different personalities act and react in situations and on communications, which will help in day to day work both among colleagues and clients. By being reminded of what my personality carries in respect of leadership skills, in particular the weaker sides, I am in a better position to improve them. Attending the program resulted in valuable reflection on how and why you act as you do in your professional role, and included some good input in respect of Generation Y. I would recommend my colleagues to participat<\/em>e.<\/p>\n<\/div><\/section><\/div>\n\n<div  class='hr hr-default '><span class='hr-inner ' ><span class='hr-inner-style'><\/span><\/span><\/div>\n<\/div><\/div><\/div><!-- close content main div --><\/div><\/div><div id='av_section_12' class='avia-section main_color avia-section-default avia-no-border-styling avia-bg-style-scroll  container_wrap fullsize'   ><div class='container' ><div class='template-page content  av-content-full alpha units'><div class='post-entry post-entry-type-page post-entry-6300'><div class='entry-content-wrapper clearfix'>\n<div class=\"flex_column av_one_fourth  flex_column_div av-zero-column-padding first  \" style='border-radius:0px; '><div class='avia-image-container  av-styling-   avia-align-center '  itemscope=\"itemscope\" itemtype=\"https:\/\/schema.org\/ImageObject\"  ><div class='avia-image-container-inner'><img class='avia_image ' src='http:\/\/integrateminds.com\/wp-content\/uploads\/2016\/01\/BBRT-300x198.png' alt='' title='BBRT-300x198'   itemprop=\"contentURL\"  \/><\/div><\/div><\/div><div class=\"flex_column av_three_fourth  flex_column_div av-zero-column-padding   \" style='border-radius:0px; '><section class=\"av_textblock_section\"  itemscope=\"itemscope\" itemtype=\"https:\/\/schema.org\/CreativeWork\" ><div class='avia_textblock '   itemprop=\"text\" ><h2>Hannah Gr\u00f6ndahl, Attorney, BBRT Partners<\/h2>\n<p><em>I participated in a two-day tailored seminar run by Katinka in May 2015, together with law firm colleagues. What impressed me the most was that Katinka had really done her homework on our industry \u2013 who we are, who our competition is, and who our clients are. So her advice and helpful suggestions were actually very relevant \u2013 and had the extra bonus of sometimes being just \u201cdifferent\u201d enough to get us conservative lawyers to consider another perspective, to debate and to analyse ideas that have worked well in other analagous industries (such as strategy consulting, which is probably decades ahead of law firms when it comes to organizational and strategic thinking). Katinka is also very good at taking what people say and re-positioning it in such a way that it drive the discussion and debate forward. I think all of us came away re-charged and inspired.<\/em><\/p>\n<\/div><\/section><\/div>\n\n<div  class='hr hr-default '><span class='hr-inner ' ><span class='hr-inner-style'><\/span><\/span><\/div>\n<\/div><\/div><\/div><!-- close content main div --><\/div><\/div><div id='av_section_13' class='avia-section main_color avia-section-default avia-no-border-styling avia-bg-style-scroll  container_wrap fullsize'   ><div class='container' ><div class='template-page content  av-content-full alpha units'><div class='post-entry post-entry-type-page post-entry-6300'><div class='entry-content-wrapper clearfix'>\n<div class=\"flex_column av_one_fourth  flex_column_div av-zero-column-padding first  \" style='border-radius:0px; '><div class='avia-image-container  av-styling-   avia-align-center '  itemscope=\"itemscope\" itemtype=\"https:\/\/schema.org\/ImageObject\"  ><div class='avia-image-container-inner'><img class='avia_image ' src='http:\/\/integrateminds.com\/wp-content\/uploads\/2016\/01\/Clearly-Gottlieb-300x198.png' alt='' title='Clearly-Gottlieb-300x198'   itemprop=\"contentURL\"  \/><\/div><\/div><\/div><div class=\"flex_column av_three_fourth  flex_column_div av-zero-column-padding   \" style='border-radius:0px; '><section class=\"av_textblock_section\"  itemscope=\"itemscope\" itemtype=\"https:\/\/schema.org\/CreativeWork\" ><div class='avia_textblock '   itemprop=\"text\" ><h2>Senior Partner, Executive Committee Member, Cleary Gottlieb Steen &amp; Hamilton<\/h2>\n<p><em>I do very much appreciate each of our coaching sessions, and the thoughtfulness and insights Katinka has brought to them.<\/em><\/p>\n<\/div><\/section><\/div>\n\n<div  class='hr hr-default '><span class='hr-inner ' ><span class='hr-inner-style'><\/span><\/span><\/div>\n<\/div><\/div><\/div><!-- close content main div --><\/div><\/div><div id='av_section_14' class='avia-section main_color avia-section-default avia-no-border-styling avia-bg-style-scroll  container_wrap fullsize'   ><div class='container' ><div class='template-page content  av-content-full alpha units'><div class='post-entry post-entry-type-page post-entry-6300'><div class='entry-content-wrapper clearfix'>\n<div class=\"flex_column av_one_fourth  flex_column_div av-zero-column-padding first  \" style='border-radius:0px; '><div class='avia-image-container  av-styling-   avia-align-center '  itemscope=\"itemscope\" itemtype=\"https:\/\/schema.org\/ImageObject\"  ><div class='avia-image-container-inner'><img class='avia_image ' src='http:\/\/integrateminds.com\/wp-content\/uploads\/2016\/01\/Clearly-Gottlieb-300x198.png' alt='' title='Clearly-Gottlieb-300x198'   itemprop=\"contentURL\"  \/><\/div><\/div><\/div><div class=\"flex_column av_three_fourth  flex_column_div av-zero-column-padding   \" style='border-radius:0px; '><section class=\"av_textblock_section\"  itemscope=\"itemscope\" itemtype=\"https:\/\/schema.org\/CreativeWork\" ><div class='avia_textblock '   itemprop=\"text\" ><h2>Raj Panasar, Partner, Cleary Gottlieb Steen &amp; Hamilton<\/h2>\n<p><em>I valued Katinka\u2019s input tremendously. She has a canny knack of translating behaviour into productivity, which I found very powerful. Fundamentally, Katinka cared about the objectives and the process, and when someone is working with you who cares as much as she does, it has a significantly positive impact on the programme. She successfully raised self-awareness levels among partners and associates without any trace of judgement. I highly recommend her.<\/em><\/p>\n<\/div><\/section><\/div>\n\n<div  class='hr hr-default '><span class='hr-inner ' ><span class='hr-inner-style'><\/span><\/span><\/div>\n<\/div><\/div><\/div><!-- close content main div --><\/div><\/div><div id='av_section_15' class='avia-section main_color avia-section-default avia-no-border-styling avia-bg-style-scroll  container_wrap fullsize'   ><div class='container' ><div class='template-page content  av-content-full alpha units'><div class='post-entry post-entry-type-page post-entry-6300'><div class='entry-content-wrapper clearfix'>\n<div class=\"flex_column av_one_fourth  flex_column_div av-zero-column-padding first  \" style='border-radius:0px; '><div class='avia-image-container  av-styling-   avia-align-center '  itemscope=\"itemscope\" itemtype=\"https:\/\/schema.org\/ImageObject\"  ><div class='avia-image-container-inner'><img class='avia_image ' src='http:\/\/integrateminds.com\/wp-content\/uploads\/2016\/01\/Soci\u00e9t\u00e9-G\u00e9n\u00e9rale-300x198.png' alt='' title='Soci\u00e9t\u00e9-G\u00e9n\u00e9rale-300x198'   itemprop=\"contentURL\"  \/><\/div><\/div><\/div><div class=\"flex_column av_three_fourth  flex_column_div av-zero-column-padding   \" style='border-radius:0px; '><section class=\"av_textblock_section\"  itemscope=\"itemscope\" itemtype=\"https:\/\/schema.org\/CreativeWork\" ><div class='avia_textblock '   itemprop=\"text\" ><h2>Pascal Lauffer, CIO,\u00a0NewEdge (Soci\u00e9t\u00e9 G\u00e9n\u00e9rale)<\/h2>\n<p><em>Fimat Americas Information Technology department underwent a drastic change of organization in 2007. As CIO I was not only concerned by the change of structure, but I was also concerned by the impact on people. For example, we had to change most of the roles and job descriptions. To help us go through this difficult and sometimes traumatic period, I decided to use Integrate OD to help with the human aspect. I was delighted with the support provided in terms of dedication, theoretical frameworks and practical tools to support us in the change process. Using Integrate OD certainly helped us make this change of organization a success.<\/em><\/p>\n<\/div><\/section><\/div>\n\n<div  class='hr hr-default '><span class='hr-inner ' ><span class='hr-inner-style'><\/span><\/span><\/div>\n<\/div><\/div><\/div><!-- close content main div --><\/div><\/div><div id='av_section_16' class='avia-section main_color avia-section-default avia-no-border-styling avia-bg-style-scroll  container_wrap fullsize'   ><div class='container' ><div class='template-page content  av-content-full alpha units'><div class='post-entry post-entry-type-page post-entry-6300'><div class='entry-content-wrapper clearfix'>\n<div class=\"flex_column av_one_fourth  flex_column_div av-zero-column-padding first  \" style='border-radius:0px; '><div class='avia-image-container  av-styling-   avia-align-center '  itemscope=\"itemscope\" itemtype=\"https:\/\/schema.org\/ImageObject\"  ><div class='avia-image-container-inner'><img class='avia_image ' src='http:\/\/integrateminds.com\/wp-content\/uploads\/2016\/01\/Soci\u00e9t\u00e9-G\u00e9n\u00e9rale-300x198.png' alt='' title='Soci\u00e9t\u00e9-G\u00e9n\u00e9rale-300x198'   itemprop=\"contentURL\"  \/><\/div><\/div><\/div><div class=\"flex_column av_three_fourth  flex_column_div av-zero-column-padding   \" style='border-radius:0px; '><section class=\"av_textblock_section\"  itemscope=\"itemscope\" itemtype=\"https:\/\/schema.org\/CreativeWork\" ><div class='avia_textblock '   itemprop=\"text\" ><h2>Andre Odendaal, Head of CIA IT, NewEdge (Soci\u00e9t\u00e9 G\u00e9n\u00e9rale)<\/h2>\n<p><em>Katinka provided me with an accurate personality profile, followed up with personal assistance in how to communicate with various personality styles, and provided counselling on the development of my weaker team profiles needed to improve effectiveness in my workplace. Katinka also effectively acted as an independent counsellor in discussing and advising on personal goals and growth opportunities.<\/em><\/p>\n<\/div><\/section><\/div>\n\n<div  class='hr hr-default '><span class='hr-inner ' ><span class='hr-inner-style'><\/span><\/span><\/div>\n<\/div><\/div><\/div><!-- close content main div --><\/div><\/div><div id='av_section_17' class='avia-section main_color avia-section-default avia-no-border-styling avia-bg-style-scroll  container_wrap fullsize'   ><div class='container' ><div class='template-page content  av-content-full alpha units'><div class='post-entry post-entry-type-page post-entry-6300'><div class='entry-content-wrapper clearfix'>\n<div class=\"flex_column av_one_fourth  flex_column_div av-zero-column-padding first  \" style='border-radius:0px; '><div class='avia-image-container  av-styling-   avia-align-center '  itemscope=\"itemscope\" itemtype=\"https:\/\/schema.org\/ImageObject\"  ><div class='avia-image-container-inner'><img class='avia_image ' src='http:\/\/integrateminds.com\/wp-content\/uploads\/2016\/01\/Credit-Suisse-300x198.png' alt='' title='Credit-Suisse-300x198'   itemprop=\"contentURL\"  \/><\/div><\/div><\/div><div class=\"flex_column av_three_fourth  flex_column_div av-zero-column-padding   \" style='border-radius:0px; '><section class=\"av_textblock_section\"  itemscope=\"itemscope\" itemtype=\"https:\/\/schema.org\/CreativeWork\" ><div class='avia_textblock '   itemprop=\"text\" ><h2>Peder Anderlind, Head of Investment Banking Training and Development, Credit Suisse<\/h2>\n<p><em>I was very impressed with the way Katinka translated her organizational effectiveness experience into commercial, relevant and practical solutions for us. She showed great judgment when interacting across all levels of the firm and was able to build solid relationships over a relatively short time frame. I very much look forward to working with Katinka again.<\/em><\/p>\n<\/div><\/section><\/div>\n\n<div  class='hr hr-default '><span class='hr-inner ' ><span class='hr-inner-style'><\/span><\/span><\/div>\n<\/div><\/div><\/div><!-- close content main div --><\/div><\/div><div id='av_section_18' class='avia-section main_color avia-section-default avia-no-border-styling avia-bg-style-scroll  container_wrap fullsize'   ><div class='container' ><div class='template-page content  av-content-full alpha units'><div class='post-entry post-entry-type-page post-entry-6300'><div class='entry-content-wrapper clearfix'>\n<div class=\"flex_column av_one_fourth  flex_column_div av-zero-column-padding first  \" style='border-radius:0px; '><div class='avia-image-container  av-styling-   avia-align-center '  itemscope=\"itemscope\" itemtype=\"https:\/\/schema.org\/ImageObject\"  ><div class='avia-image-container-inner'><img class='avia_image ' src='http:\/\/integrateminds.com\/wp-content\/uploads\/2016\/01\/Untitled-4-300x149.png' alt='' title='Untitled-4-300x149'   itemprop=\"contentURL\"  \/><\/div><\/div><\/div><div class=\"flex_column av_three_fourth  flex_column_div av-zero-column-padding   \" style='border-radius:0px; '><section class=\"av_textblock_section\"  itemscope=\"itemscope\" itemtype=\"https:\/\/schema.org\/CreativeWork\" ><div class='avia_textblock '   itemprop=\"text\" ><h2>Steven Miyao, CEO,\u00a0Kasina<\/h2>\n<p><em>In a company such as ours, always growing and changing, it can be difficult for a newcomer to assess with what approach to begin. In this regard, Katinka understands that a company is a vastly complex entity, but rather than find this daunting, she finds solutions that work on all levels: from bottom to top, from the individual to the corporation, from the practical to the theoretical. In constantly drawing connections between all of these elements, Ms. Nicou teaches companies to better understand the inter-relatedness of these elements and how to address all of them at once. Her approach worked wonders for us and we learned to follow her recommendations with enthusiasm. They always reaped such positive results. Ms. Nicou worked with us closely on improving and strengthening team processes: we saw a marked improvement in productivity and morale besides. Today, Kasina employees benefit by individual coaching by Ms. Nicou, and we are confident that we will enjoy tremendous results yet again.<\/em><\/p>\n<\/div><\/section><\/div>\n\n<div  class='hr hr-default '><span class='hr-inner ' ><span class='hr-inner-style'><\/span><\/span><\/div>\n<\/div><\/div><\/div><!-- close content main div --><\/div><\/div><div id='av_section_19' class='avia-section main_color avia-section-default avia-no-border-styling avia-bg-style-scroll  container_wrap fullsize'   ><div class='container' ><div class='template-page content  av-content-full alpha units'><div class='post-entry post-entry-type-page post-entry-6300'><div class='entry-content-wrapper clearfix'>\n<div class=\"flex_column av_one_fourth  flex_column_div av-zero-column-padding first  \" style='border-radius:0px; '><div class='avia-image-container  av-styling-   avia-align-center '  itemscope=\"itemscope\" itemtype=\"https:\/\/schema.org\/ImageObject\"  ><div class='avia-image-container-inner'><img class='avia_image ' src='http:\/\/integrateminds.com\/wp-content\/uploads\/2016\/01\/CMC-300x198.png' alt='' title='CMC-300x198'   itemprop=\"contentURL\"  \/><\/div><\/div><\/div><div class=\"flex_column av_three_fourth  flex_column_div av-zero-column-padding   \" style='border-radius:0px; '><section class=\"av_textblock_section\"  itemscope=\"itemscope\" itemtype=\"https:\/\/schema.org\/CreativeWork\" ><div class='avia_textblock '   itemprop=\"text\" ><h2>Catherine Mullaly, President and CEO,\u00a0CMC Group LLC<\/h2>\n<p><em>The exercise of visualizing the future was pivotal for me and I feel that life has guided me toward the fulfillment of exactly that.\u00a0 Isn\u2019t life exquisite?<\/em><\/p>\n<\/div><\/section><\/div>\n\n<div  class='hr hr-default '><span class='hr-inner ' ><span class='hr-inner-style'><\/span><\/span><\/div>\n<\/div><\/div><\/div><!-- close content main div --><\/div><\/div><div id='av_section_20' class='avia-section main_color avia-section-default avia-no-border-styling avia-bg-style-scroll  container_wrap fullsize'   ><div class='container' ><div class='template-page content  av-content-full alpha units'><div class='post-entry post-entry-type-page post-entry-6300'><div class='entry-content-wrapper clearfix'>\n<div class=\"flex_column av_one_fourth  flex_column_div av-zero-column-padding first  \" style='border-radius:0px; '><div class='avia-image-container  av-styling-   avia-align-center '  itemscope=\"itemscope\" itemtype=\"https:\/\/schema.org\/ImageObject\"  ><div class='avia-image-container-inner'><img class='avia_image ' src='http:\/\/integrateminds.com\/wp-content\/uploads\/2016\/01\/Martha-300x198.png' alt='' title='Martha-300x198'   itemprop=\"contentURL\"  \/><\/div><\/div><\/div><div class=\"flex_column av_three_fourth  flex_column_div av-zero-column-padding   \" style='border-radius:0px; '><section class=\"av_textblock_section\"  itemscope=\"itemscope\" itemtype=\"https:\/\/schema.org\/CreativeWork\" ><div class='avia_textblock '   itemprop=\"text\" ><h2>Maggie Mistal, Head of Training and Development,\u00a0Martha Stewart Omnimedia<\/h2>\n<p><em>Katinka was very thorough in her work with Martha Stewart Omnimedia, thinking things through from top to bottom. She has the unique ability to see the big picture without losing sight of important details. She thinks strategically and logically. She understands business needs and challenges and is able to articulate and devise programs to address the implications on people.<\/em><\/p>\n<\/div><\/section><\/div>\n\n<div style='height:50px' class='hr hr-invisible '><span class='hr-inner ' ><span class='hr-inner-style'><\/span><\/span><\/div>\n","protected":false},"excerpt":{"rendered":"","protected":false},"author":1,"featured_media":0,"parent":0,"menu_order":0,"comment_status":"closed","ping_status":"closed","template":"","meta":[],"_links":{"self":[{"href":"http:\/\/integrateminds.com\/sv\/wp-json\/wp\/v2\/pages\/6300"}],"collection":[{"href":"http:\/\/integrateminds.com\/sv\/wp-json\/wp\/v2\/pages"}],"about":[{"href":"http:\/\/integrateminds.com\/sv\/wp-json\/wp\/v2\/types\/page"}],"author":[{"embeddable":true,"href":"http:\/\/integrateminds.com\/sv\/wp-json\/wp\/v2\/users\/1"}],"replies":[{"embeddable":true,"href":"http:\/\/integrateminds.com\/sv\/wp-json\/wp\/v2\/comments?post=6300"}],"version-history":[{"count":8,"href":"http:\/\/integrateminds.com\/sv\/wp-json\/wp\/v2\/pages\/6300\/revisions"}],"predecessor-version":[{"id":6808,"href":"http:\/\/integrateminds.com\/sv\/wp-json\/wp\/v2\/pages\/6300\/revisions\/6808"}],"wp:attachment":[{"href":"http:\/\/integrateminds.com\/sv\/wp-json\/wp\/v2\/media?parent=6300"}],"curies":[{"name":"wp","href":"https:\/\/api.w.org\/{rel}","templated":true}]}}